{"id":3,"date":"2020-10-01T12:27:50","date_gmt":"2020-10-01T10:27:50","guid":{"rendered":"https:\/\/hoffman.kelab.io\/?page_id=3"},"modified":"2025-08-18T21:33:25","modified_gmt":"2025-08-18T19:33:25","slug":"politique-protection-donnees","status":"publish","type":"page","link":"https:\/\/www.naranjo-sat.com\/fr\/politique-protection-donnees\/","title":{"rendered":"Politique de confidentialit\u00e9"},"content":{"rendered":"<p>[et_pb_section fb_built=\u00a0\u00bb1&Prime; _builder_version=\u00a0\u00bb4.27.4&Prime; _module_preset=\u00a0\u00bbdefault\u00a0\u00bb background_color=\u00a0\u00bbRGBA(255,255,255,0)\u00a0\u00bb hover_enabled=\u00a0\u00bb0&Prime; global_colors_info=\u00a0\u00bb{}\u00a0\u00bb sticky_enabled=\u00a0\u00bb0&Prime; custom_margin_last_edited=\u00a0\u00bbon|phone\u00a0\u00bb custom_margin_phone=\u00a0\u00bb50px||||false|false\u00a0\u00bb][et_pb_row column_structure=\u00a0\u00bb3_4,1_4&Prime; _builder_version=\u00a0\u00bb4.27.4&Prime; _module_preset=\u00a0\u00bbdefault\u00a0\u00bb hover_enabled=\u00a0\u00bb0&Prime; global_colors_info=\u00a0\u00bb{}\u00a0\u00bb sticky_enabled=\u00a0\u00bb0&Prime;][et_pb_column type=\u00a0\u00bb3_4&Prime; _builder_version=\u00a0\u00bb4.16&Prime; _module_preset=\u00a0\u00bbdefault\u00a0\u00bb global_colors_info=\u00a0\u00bb{}\u00a0\u00bb][et_pb_text _builder_version=\u00a0\u00bb4.27.4&Prime; _module_preset=\u00a0\u00bbdefault\u00a0\u00bb header_font=\u00a0\u00bbFira Sans|600|||||||\u00a0\u00bb header_2_font=\u00a0\u00bbFira Sans|600|||||||\u00a0\u00bb header_2_font_size=\u00a0\u00bb18px\u00a0\u00bb custom_padding=\u00a0\u00bb0px|0px|15px|0px|false|true\u00a0\u00bb custom_padding_tablet=\u00a0\u00bb|||0px|false|false\u00a0\u00bb custom_padding_phone=\u00a0\u00bb99px|0px|15px|0px|false|false\u00a0\u00bb hover_enabled=\u00a0\u00bb0&Prime; global_colors_info=\u00a0\u00bb{}\u00a0\u00bb header_font_size_phone=\u00a0\u00bb26px\u00a0\u00bb sticky_enabled=\u00a0\u00bb0&Prime;]<\/p>\n<h1>POLITIQUE DE PROTECTION DE DONN\u00c9ES<\/h1>\n<p>&nbsp;<\/p>\n<p><strong>Introduction<\/strong><br \/>Dans le cadre de son activit\u00e9, IH&amp;SAT UG dont le si\u00e8ge social est situ\u00e9 \u00e0 Stadtstrasse 11, D- 79104 Freiburg, (Allemagne) est amen\u00e9 \u00e0 collecter et \u00e0 traiter des informations dont certaines sont qualifi\u00e9es de \u00ab donn\u00e9es personnelles \u00bb.<\/p>\n<p>Conform\u00e9ment aux dispositions de la l\u00e9gislation en vigueur sur la protection des donn\u00e9es personnelles, nous vous informons que vos donn\u00e9es pourront \u00eatre collect\u00e9es :<\/p>\n<ul>\n<li>via la simple navigation sur le site<\/li>\n<li>via les mails \u00e9chang\u00e9s entre IH&amp;SAT UG et vous ou tout autre outil de messagerie \u00e9lectronique<\/li>\n<li>lorsque vous effectuez une inscription sur le site<\/li>\n<li>lorsque vous vous inscrivez au bulletin d\u2019information [newsletter]<\/li>\n<li>lorsque vous prenez rendez-vous pour des entretiens individuels<\/li>\n<\/ul>\n<p>Elles seront int\u00e9gr\u00e9es dans le syst\u00e8me de traitement de IH&amp;SAT UG, la protection de votre vie priv\u00e9e \u00e9tant une priorit\u00e9 essentielle, nous n\u2019utiliserons ces donn\u00e9es que de mani\u00e8re responsable et confidentielle et dans une finalit\u00e9 pr\u00e9cise.<\/p>\n<p>Les personnes concern\u00e9es par les traitements sont les Utilisateurs de notre site web (ci-apr\u00e8s le \u00ab Site \u00bb), clients, prospects, abonn\u00e9s (ci-apr\u00e8s les \u00ab Personnes concern\u00e9es \u00bb).<\/p>\n<p>Ce site web est prot\u00e9g\u00e9 par <a href=\"https:\/\/policies.google.com\/terms\">reCAPTCHA<\/a>, la <a href=\"https:\/\/policies.google.com\/privacy\">politique de confidentialit\u00e9 de Google<\/a>.<\/p>\n<p>&nbsp;<\/p>\n<p><strong>Les donne\u0301es recueillies et leur utilisation<\/strong><\/p>\n<ul>\n<li><strong>Les donn\u00e9es transmises directement<\/strong><br \/>Ces donn\u00e9es sont celles que vous nous transmettez directement, via un formulaire de contact (ayant pour finalit\u00e9 la demande de renseignements, l\u2019inscription \u00e0 l\u2019une de nos activit\u00e9s, la prise de rendez-vous individuel ou l\u2019abonnement \u00e0 la newsletter) ainsi que les communications par e-mail ou lors d\u2019\u00e9ventuels \u00e9changes t\u00e9l\u00e9phoniques.<\/li>\n<li><strong>Les donn\u00e9es collect\u00e9es automatiquemen<\/strong>t<br \/>Lors de vos visites sur le site web, une fois votre consentement donn\u00e9 et conform\u00e9ment aux dispositions l\u00e9gislatives et r\u00e9glementaires en vigueur, nous pourrons collecter des informations de fa\u00e7on anonymis\u00e9e, du type \u00ab web analytics \u00bb relatives \u00e0 votre navigation. Pour faciliter votre navigation sur le site, la technologie utilis\u00e9e pour cette collecte est le cookie de Google Analytics. Les donn\u00e9es collect\u00e9es sont les suivantes :\n<ul>\n<li>l\u2019adresse IP<\/li>\n<li>l\u2019appareil et le navigateur utilis\u00e9s<\/li>\n<li>la date et l\u2019heure de votre navigation<\/li>\n<\/ul>\n<\/li>\n<\/ul>\n<p>Cette collecte de donn\u00e9es est autoris\u00e9e par la r\u00e9glementation, car nous mettons \u00e0 votre disposition, et de fa\u00e7on permanente, la possibilit\u00e9 de mettre \u00e0 jour vos pr\u00e9f\u00e9rences, gr\u00e2ce au menu \u201cLes cookies\u201d disponible comme fen\u00eatre pop-up sur notre site web. Cette possibilit\u00e9 est utilisable sur tous les navigateurs, et tous les types de terminaux (y compris les smartphones et tablettes).<\/p>\n<p>&nbsp;<\/p>\n<p><strong>Utilisation des donn\u00e9es<\/strong><\/p>\n<ul>\n<li><strong>Les donn\u00e9es transmises directement<\/strong><br \/>Selon la nature et la finalit\u00e9 de votre interaction avec l\u2019Institut, nous sommes oblig\u00e9s de collecter des donn\u00e9es relatives \u00e0 l\u2019identification des Personnes concern\u00e9es, \u00e0 travers :\n<ul>\n<li>le <strong>formulaire de contact <\/strong>pour des demandes de renseignements et le <strong>formulaire de demande de rendez-vous individuel<\/strong> (pr\u00e9nom, nom, e-mail, num\u00e9ro de t\u00e9l\u00e9phone)<\/li>\n<li><strong>le formulaire d&rsquo;inscription<\/strong> \u00e0 l\u2019une de nos activit\u00e9s (pr\u00e9nom, nom, e-mail, num\u00e9ro de t\u00e9l\u00e9phone, adresse postale)<\/li>\n<li><strong>le formulaire d&rsquo;abonnement \u00e0 la newsletter <\/strong>(pr\u00e9nom, nom, e-mail)<\/li>\n<\/ul>\n<\/li>\n<\/ul>\n<p>Nous serons amen\u00e9s \u00e0 collecter d&rsquo;autres types d\u2019informations, qui nous permettront de g\u00e9rer au mieux votre inscription \u00e0 nos activit\u00e9s. De cette mani\u00e8re nous pourrions vous envoyer les informations concernant votre participation : indications, factures, r\u00e9ponses \u00e0 vos questions, support de travail, etc.<\/p>\n<p>Le renseignement de l\u2019adresse mail de la personne concern\u00e9e entraine son <strong>acceptation pour que cette adresse soit le canal de communication avec IH&amp;SAT UG et, le cas \u00e9ch\u00e9ant, avec les participants de son groupe.<\/strong> Nous vous en informerons et nous prendrons les mesures n\u00e9cessaires pour veiller \u00e0 ce que ces informations ne soient utilis\u00e9es qu&rsquo;aux fins pr\u00e9vues.<\/p>\n<ul>\n<li><strong>Les donn\u00e9es collect\u00e9es automatiquement<\/strong><br \/>Les donn\u00e9es \u00ab web analytics \u00bb sont collect\u00e9es de fa\u00e7on anonyme, cela concerne l\u2019enregistrement des adresses IP anonymes, le navigateur utilis\u00e9, la dur\u00e9e de navigation, l\u2019historique des recherches, le syst\u00e8me d\u2019exploitation utilis\u00e9, la langue et les pages visualis\u00e9es.<\/li>\n<\/ul>\n<p>La collecte de ces donn\u00e9es \u00e0 travers les cookies \u00ab Google Analytics \u00bb nous permet de mesurer l&rsquo;audience de notre site web, les consultations et les \u00e9ventuelles erreurs afin d\u2019am\u00e9liorer constamment l\u2019exp\u00e9rience des utilisateurs.<\/p>\n<p>&nbsp;<\/p>\n<p><strong>Communication ou transfert des donne\u0301es<\/strong><\/p>\n<p>Les donn\u00e9es objet de cette politique sont utilis\u00e9es par IH&amp;SAT UG, responsable du traitement des donn\u00e9es. Seulement les personnes suivantes pourraient y avoir \u00e9ventuellement acc\u00e8s, uniquement \u00e0 des fins d\u00e9taill\u00e9es ci-dessous :<\/p>\n<p><span style=\"text-decoration: underline;\">Employe\u0301s<\/span><br \/>Nous pouvons divulguer a\u0300 tout membre de notre IH&amp;SAT UG les donne\u0301es utilisateurs dont il a raisonnablement besoin pour re\u0301aliser les objectifs e\u0301nonce\u0301s dans la pre\u0301sente politique.<\/p>\n<p><span style=\"text-decoration: underline;\">Real Cookies Banner<br \/><\/span>Pour g\u00e9rer les cookies et assimil\u00e9s (tracking pixels, web beacons, etc.), nous utilisons un outil appel\u00e9 \u00ab\u00a0Real Cookie Banner\u00a0\u00bb. Les d\u00e9tails de fonctionnement sont disponibles \u00e0 cette adresse : &lt;a href=\u00a0\u00bbhttps:\/\/devowl.io\/rcb\/data-processing\/\u00a0\u00bb rel=\u00a0\u00bbnoreferrer\u00a0\u00bb target=\u00a0\u00bb_blank\u00a0\u00bb&gt;https:\/\/devowl.io\/rcb\/data-processing\/&lt;\/a&gt;.<\/p>\n<p><span style=\"text-decoration: underline;\">Tierces parties<\/span><br \/>Nous pouvons partager les donn\u00e9es utilisateur avec les tiers suivants :<\/p>\n<ul>\n<li style=\"list-style-type: none;\">\n<ul>\n<li>Brevo : plateforme d\u2019envoi de newsletter<\/li>\n<li>Calendly : plateforme de planification des rendez-vous<br \/>En tant que sous-traitants d\u2019IH&amp;SAT UG, ces op\u00e9rateurs s&rsquo;engagent eux-m\u00eames \u00e0 respecter la l\u00e9gislation europ\u00e9enne en vigueur concernant la protection de donn\u00e9es personnelles.<\/li>\n<li>Microsoft 365 : Suite d\u2019applications informatiques et de services en ligne en rapport avec les op\u00e9rations du travail du bureau<\/li>\n<\/ul>\n<\/li>\n<\/ul>\n<p>En tant que sous-traitants d\u2019IH&amp;SAT UG, ces op\u00e9rateurs s&rsquo;engagent eux-m\u00eames \u00e0 respecter la l\u00e9gislation europ\u00e9enne en vigueur concernant la protection de donn\u00e9es personnelles. Pour plus d\u2019informations veuillez consulter leurs politiques de confidentialit\u00e9.<\/p>\n<p>Les donn\u00e9es transmises concernent :<\/p>\n<ul>\n<li style=\"list-style-type: none;\">\n<ul>\n<li>Brevo : pr\u00e9nom, nom, adresse mail<\/li>\n<li>Calendly : pr\u00e9nom, nom, adresse mail, t\u00e9l\u00e9phone<\/li>\n<li>Microsoft 365 : adresse mail<\/li>\n<\/ul>\n<\/li>\n<\/ul>\n<p>Les tiers ne sont pas en mesure d\u2019acce\u0301der aux donne\u0301es des utilisateurs au-dela\u0300 de ce qui est raisonnablement ne\u0301cessaire pour atteindre l\u2019objectif donne\u0301.<\/p>\n<p>Nous nous engageons a\u0300 ne pas partager vos donne\u0301es avec d&rsquo;autres tiers, sauf dans les cas o\u00f9 la loi l\u2019exigerait et\/ou pour toute proce\u0301dure judiciaire, preuve ou protection des droits.<\/p>\n<p>Si vous suivez des hyperliens de notre site vers un autre site, veuillez noter que nous ne sommes pas responsables et n\u2019avons pas de contro\u0302le sur leurs politiques et pratiques de confidentialite\u0301.<\/p>\n<p>&nbsp;<\/p>\n<p><strong>Bases l\u00e9gales des traitements de donn\u00e9es \u00e0 caract\u00e8re personnel<\/strong><br \/>IH&amp;SAT UG collecte des donn\u00e9es \u00e0 caract\u00e8re personnel des Personnes concern\u00e9es sur la base soit (i) du consentement expr\u00e8s de ces derniers lorsque ce consentement est obligatoire. Ce consentement est valablement recueilli (boutons et\/ou cases \u00e0 cocher), libre, clair et sans \u00e9quivoque. Soit (ii) sur la base d&rsquo;un contrat auquel la personne concern\u00e9e est partie ou \u00e0 l&rsquo;ex\u00e9cution de mesures pr\u00e9contractuelles prises \u00e0 la demande de celle-ci, soit (iii) sur la base d\u2019une autorisation l\u00e9gale (article 9 de la LIL), (iv) sur le fondement d\u2019un int\u00e9r\u00eat l\u00e9gitime, ou encore (iv) lorsque le traitement de donn\u00e9es est n\u00e9cessaire \u00e0 la constatation, \u00e0 l&rsquo;exercice ou \u00e0 la d\u00e9fense d&rsquo;un droit en justice ou chaque fois que des juridictions agissent dans le cadre de leur fonction juridictionnelle. Le fondement l\u00e9gal est R\u00e8glement (UE) 2016\/679 du Parlement europ\u00e9en et du Conseil du 27 avril 2016 relatif \u00e0 la protection des personnes physiques \u00e0 l&rsquo;\u00e9gard du traitement des donn\u00e9es \u00e0 caract\u00e8re personnel et \u00e0 la libre circulation de ces donn\u00e9es (R\u00e8glement g\u00e9n\u00e9ral sur la protection des donn\u00e9es ou \u00ab RGPD \u00bb).<\/p>\n<p><strong>Dur\u00e9e de conservation<\/strong><br \/>Vos donn\u00e9es personnelles seront toujours conserv\u00e9es pour la dur\u00e9e n\u00e9cessaire \u00e0 la r\u00e9alisation de la finalit\u00e9 pour laquelle elles ont \u00e9t\u00e9 conserv\u00e9es :<\/p>\n<p>&nbsp;<\/p>\n<table width=\"604\">\n<tbody>\n<tr>\n<td width=\"207\"><strong>Finalit\u00e9<\/strong><\/td>\n<td width=\"48\"><\/td>\n<td width=\"348\"><strong>Dur\u00e9e de conservation<\/strong><\/td>\n<\/tr>\n<tr>\n<td width=\"207\">\n<p>La mise en \u0153uvre et l\u2019ex\u00e9cution du contrat concernant votre participation \u00e0 nos s\u00e9minaires<\/p>\n<p><strong>\u00a0<\/strong><\/p>\n<\/td>\n<td width=\"48\"><\/td>\n<td width=\"348\">Nous traiterons vos donn\u00e9es pendant le temps n\u00e9cessaire pour g\u00e9rer les th\u00e8mes associ\u00e9s \u00e0 votre participation, y compris pendant le suivi et l\u2019accompagnement apr\u00e8s le s\u00e9minaire\u00a0 et\/ou\u00a0 jusqu\u2019\u00e0 ce que vous nous demandiez de supprimer vos donn\u00e9es.<\/td>\n<\/tr>\n<tr>\n<td width=\"207\">\n<p>Demande de renseignements<\/p>\n<p><strong>\u00a0<\/strong><\/p>\n<\/td>\n<td width=\"48\"><\/td>\n<td width=\"348\">Nous traiterons vos donn\u00e9es pendant le temps n\u00e9cessaire pour r\u00e9pondre \u00e0 votre requ\u00eate ou votre demande et\/ou jusqu&rsquo;\u00e0 ce que vous nous demandiez de supprimer vos donn\u00e9es.<\/td>\n<\/tr>\n<tr>\n<td width=\"207\">Marketing<\/td>\n<td width=\"48\"><\/td>\n<td width=\"348\">Nous traiterons vos donn\u00e9es personnelles pendant une dur\u00e9e de 3 ans \u00e0 compter de votre derni\u00e8re action envers nous, ou jusqu\u2019\u00e0 votre d\u00e9sabonnement ou l\u2019annulation de votre souscription \u00e0 la newsletter.<\/td>\n<\/tr>\n<\/tbody>\n<\/table>\n<p>&nbsp;<\/p>\n<p>Ind\u00e9pendamment du traitement de vos donn\u00e9es personnelles pendant la dur\u00e9e strictement n\u00e9cessaire pour remplir la finalit\u00e9 correspondante comme indiqu\u00e9e ci-dessus, celles-ci seront ensuite conserv\u00e9es, convenablement sauvegard\u00e9es et prot\u00e9g\u00e9es avec un acc\u00e8s restreint pendant le temps au cours duquel la responsabilit\u00e9 pourrait \u00eatre engag\u00e9e suite au traitement, en ex\u00e9cution de la r\u00e9glementation en vigueur \u00e0 chaque moment. Il sera proc\u00e9d\u00e9 \u00e0 la suppression des donn\u00e9es personnelles une fois que les \u00e9ventuelles actions de chaque cas seront prescrites.<\/p>\n<p>Il est notamment pr\u00e9cis\u00e9 que les donn\u00e9es personnelles pourront faire l\u2019objet d\u2019un archivage interm\u00e9diaire afin que nous soyons en mesure de satisfaire \u00e0 nos obligations l\u00e9gales, fiscales et comptables, th\u00e9rapeutiques telles que par exemple l\u2019obligation de conservation des factures pendant une dur\u00e9e de 10 ans.<\/p>\n<p>&nbsp;<\/p>\n<p><strong>La s\u00e9curit\u00e9 de vos donn\u00e9es personnelles<\/strong><br \/>L\u2019Institut prot\u00e8ge vos donn\u00e9es \u00e0 caract\u00e8re personnel en mettant en place des moyens de s\u00e9curisation physique et organisationnelle afin d\u2019emp\u00eacher des acc\u00e8s non autoris\u00e9s, un usage impropre, la divulgation, la perte ou la destruction de vos donn\u00e9es personnelles.<\/p>\n<p>Toutefois, Internet n\u2019\u00e9tant pas un environnement totalement s\u00fbr, nous ne pouvons garantir, malgr\u00e9 les mesures que nous avons mises en place, la parfaite s\u00e9curit\u00e9 des donn\u00e9es personnelles transmises via notre site. Il est de votre responsabilit\u00e9, lorsque vous utilisez notre site, de vous assurer que le terminal que vous utilisez est s\u00e9curis\u00e9 de mani\u00e8re ad\u00e9quate et prot\u00e9g\u00e9 contre des logiciels malveillants.<\/p>\n<p>Vous \u00eates inform\u00e9 du fait que, sans des mesures de s\u00e9curit\u00e9 ad\u00e9quates (exemples : configuration s\u00e9curis\u00e9e de votre navigateur web, mise \u00e0 jour des programmes anti-virus, logiciel pare-feu, non utilisation de logiciels provenant de sources douteuses etc\u2026), vous courez le risque que les donn\u00e9es et les mots de passe que vous utilisez pour prot\u00e9ger vos donn\u00e9es puissent \u00eatre divulgu\u00e9s \u00e0 des tiers non autoris\u00e9s.<br \/>Nous vous invitons \u00e9galement \u00e0 choisir avec soin votre mot de passe et \u00e0 le garder strictement confidentiel.<\/p>\n<p>&nbsp;<\/p>\n<p><strong>Les droits concernant vos donn\u00e9es personnelles<\/strong><br \/>Les donn\u00e9es sont g\u00e9r\u00e9es et stock\u00e9es en parfaite conformit\u00e9 avec le RGPD (Chapitre 3 art 12-23). En ce qui concerne votre information, vous b\u00e9n\u00e9ficiez des droits suivants \u00e0 tout moment :<\/p>\n<ul>\n<li>droit d\u2019acc\u00e8s<\/li>\n<li>droit de rectification<\/li>\n<li>droit d\u2019effacement<\/li>\n<li>droit \u00e0 la limitation du traitement<\/li>\n<li>droit de notification des donn\u00e9es : rectifications, effacements, limitation<\/li>\n<li>droit \u00e0 la portabilit\u00e9 des donn\u00e9es<\/li>\n<li>droit d\u2019opposition<\/li>\n<li>droit de ne pas faire l\u2019objet d\u2019un profilage<\/li>\n<\/ul>\n<p>&nbsp;<\/p>\n<p><strong>L\u2019exercice des droits<\/strong><br \/>Dans un souci de protection de vos donn\u00e9es personnelles, vous pouvez exercer vos droits \u00e0 tout moment en contactant :<br \/>Dr Katrin REUTER<br \/>Stadtstrasse 11 D- 79104 Freiburg<br \/>T\u00e9l. <a title=\"T\u00e9l\u00e9phone de contact Hoffman France\" href=\"phone:+49761552966\">+49 761 55 29 66<\/a><br \/>T\u00e9l. (en France) : <a title=\"T\u00e9l\u00e9phone de contact Hoffman France\" href=\"phone:+33467670544\">+33 4 67 67 05 44<\/a><br \/>Mail : <a href=\"mailto:info@naranjo-sat.com\">info@naranjo-sat.com<\/a><\/p>\n<p>&nbsp;<\/p>\n<p><strong>Changements apport\u00e9s \u00e0 cette Politique de protection de donn\u00e9es<\/strong><\/p>\n<p>Cette politique de confidentialit\u00e9 a \u00e9t\u00e9 mise \u00e0 jour en ao\u00fbt 2023. Elle peut e\u0302tre modifie\u0301e a\u0300 l\u2019occasion afin de maintenir la conformite\u0301 avec la loi et de tenir compte de tout changement a\u0300 notre processus de collecte de donne\u0301es. Nous recommandons a\u0300 nos utilisateurs de ve\u0301rifier notre politique de temps a\u0300 autre pour s\u2019assurer qu\u2019ils soient informe\u0301s de toute mise a\u0300 jour. Au besoin, nous pouvons informer les utilisateurs par courriel des changements apporte\u0301s a\u0300 cette politique.<\/p>\n<p>[\/et_pb_text][\/et_pb_column][et_pb_column type=\u00a0\u00bb1_4&Prime; _builder_version=\u00a0\u00bb4.16&Prime; _module_preset=\u00a0\u00bbdefault\u00a0\u00bb global_colors_info=\u00a0\u00bb{}\u00a0\u00bb][\/et_pb_column][\/et_pb_row][\/et_pb_section]<\/p>\n","protected":false},"excerpt":{"rendered":"<p>POLITIQUE DE PROTECTION DE DONN\u00c9ES &nbsp; IntroductionDans le cadre de son activit\u00e9, IH&amp;SAT UG dont le si\u00e8ge social est situ\u00e9 \u00e0 Stadtstrasse 11, D- 79104 Freiburg, (Allemagne) est amen\u00e9 \u00e0 collecter et \u00e0 traiter des informations dont certaines sont qualifi\u00e9es de \u00ab donn\u00e9es personnelles \u00bb. Conform\u00e9ment aux dispositions de la l\u00e9gislation en vigueur sur la [&hellip;]<\/p>\n","protected":false},"author":1,"featured_media":0,"parent":0,"menu_order":0,"comment_status":"closed","ping_status":"closed","template":"","meta":{"_et_pb_use_builder":"on","_et_pb_old_content":"<!-- wp:heading -->\r\n<h2>\u00a0<\/h2>\r\n<h2>\u00a0<\/h2>\r\n<h2>Qui sommes-nous\u00a0?<\/h2>\r\n<!-- \/wp:heading --><!-- wp:paragraph -->\r\n<p>L\u2019adresse de notre site Web est\u00a0: https:\/\/www.naranjo-sat.com.<\/p>\r\n<!-- \/wp:paragraph --><!-- wp:heading -->\r\n<h2>Utilisation des donn\u00e9es personnelles collect\u00e9es<\/h2>\r\n<!-- \/wp:heading --><!-- wp:heading {\"level\":3} -->\r\n<h3>Commentaires<\/h3>\r\n<!-- \/wp:heading --><!-- wp:paragraph -->\r\n<p>Quand vous laissez un commentaire sur notre site web, les donn\u00e9es inscrites dans le formulaire de commentaire, mais aussi votre adresse IP et l\u2019agent utilisateur de votre navigateur sont collect\u00e9s pour nous aider \u00e0 la d\u00e9tection des commentaires ind\u00e9sirables.<\/p>\r\n<!-- \/wp:paragraph --><!-- wp:paragraph -->\r\n<p>Une cha\u00eene anonymis\u00e9e cr\u00e9\u00e9e \u00e0 partir de votre adresse de messagerie (\u00e9galement appel\u00e9e hash) peut \u00eatre envoy\u00e9e au service Gravatar pour v\u00e9rifier si vous utilisez ce dernier. Les clauses de confidentialit\u00e9 du service Gravatar sont disponibles ici\u00a0: https:\/\/automattic.com\/privacy\/. Apr\u00e8s validation de votre commentaire, votre photo de profil sera visible publiquement \u00e0 cot\u00e9 de votre commentaire.<\/p>\r\n<!-- \/wp:paragraph --><!-- wp:heading {\"level\":3} -->\r\n<h3>M\u00e9dias<\/h3>\r\n<!-- \/wp:heading --><!-- wp:paragraph -->\r\n<p>Si vous \u00eates un utilisateur ou une utilisatrice enregistr\u00e9\u00b7e et que vous t\u00e9l\u00e9versez des images sur le site web, nous vous conseillons d\u2019\u00e9viter de t\u00e9l\u00e9verser des images contenant des donn\u00e9es EXIF de coordonn\u00e9es GPS. Les visiteurs de votre site web peuvent t\u00e9l\u00e9charger et extraire des donn\u00e9es de localisation depuis ces images.<\/p>\r\n<!-- \/wp:paragraph --><!-- wp:heading {\"level\":3} -->\r\n<h3>Formulaires de contact<\/h3>\r\n<!-- \/wp:heading --><!-- wp:heading {\"level\":3} -->\r\n<h3>Cookies<\/h3>\r\n<!-- \/wp:heading --><!-- wp:paragraph -->\r\n<p>Si vous d\u00e9posez un commentaire sur notre site, il vous sera propos\u00e9 d\u2019enregistrer votre nom, adresse de messagerie et site web dans des cookies. C\u2019est uniquement pour votre confort afin de ne pas avoir \u00e0 saisir ces informations si vous d\u00e9posez un autre commentaire plus tard. Ces cookies expirent au bout d\u2019un an.<\/p>\r\n<!-- \/wp:paragraph --><!-- wp:paragraph -->\r\n<p>Si vous vous rendez sur la page de connexion, un cookie temporaire sera cr\u00e9\u00e9 afin de d\u00e9terminer si votre navigateur accepte les cookies. Il ne contient pas de donn\u00e9es personnelles et sera supprim\u00e9 automatiquement \u00e0 la fermeture de votre navigateur.<\/p>\r\n<!-- \/wp:paragraph --><!-- wp:paragraph -->\r\n<p>Lorsque vous vous connecterez, nous mettrons en place un certain nombre de cookies pour enregistrer vos informations de connexion et vos pr\u00e9f\u00e9rences d\u2019\u00e9cran. La dur\u00e9e de vie d\u2019un cookie de connexion est de deux jours, celle d\u2019un cookie d\u2019option d\u2019\u00e9cran est d\u2019un an. Si vous cochez \u00ab\u00a0Se souvenir de moi\u00a0\u00bb, votre cookie de connexion sera conserv\u00e9 pendant deux semaines. Si vous vous d\u00e9connectez de votre compte, le cookie de connexion sera effac\u00e9.<\/p>\r\n<!-- \/wp:paragraph --><!-- wp:paragraph -->\r\n<p>En modifiant ou en publiant une publication, un cookie suppl\u00e9mentaire sera enregistr\u00e9 dans votre navigateur. Ce cookie ne comprend aucune donn\u00e9e personnelle. Il indique simplement l\u2019ID de la publication que vous venez de modifier. Il expire au bout d\u2019un jour.<\/p>\r\n<!-- \/wp:paragraph --><!-- wp:heading {\"level\":3} -->\r\n<h3>Contenu embarqu\u00e9 depuis d\u2019autres sites<\/h3>\r\n<!-- \/wp:heading --><!-- wp:paragraph -->\r\n<p>Les articles de ce site peuvent inclure des contenus int\u00e9gr\u00e9s (par exemple des vid\u00e9os, images, articles\u2026). Le contenu int\u00e9gr\u00e9 depuis d\u2019autres sites se comporte de la m\u00eame mani\u00e8re que si le visiteur se rendait sur cet autre site.<\/p>\r\n<!-- \/wp:paragraph --><!-- wp:paragraph -->\r\n<p>Ces sites web pourraient collecter des donn\u00e9es sur vous, utiliser des cookies, embarquer des outils de suivis tiers, suivre vos interactions avec ces contenus embarqu\u00e9s si vous disposez d\u2019un compte connect\u00e9 sur leur site web.<\/p>\r\n<!-- \/wp:paragraph --><!-- wp:heading {\"level\":3} -->\r\n<h3>Statistiques et mesures d\u2019audience<\/h3>\r\n<!-- \/wp:heading --><!-- wp:heading -->\r\n<h2>Utilisation et transmission de vos donn\u00e9es personnelles<\/h2>\r\n<!-- \/wp:heading --><!-- wp:heading -->\r\n<h2>Dur\u00e9es de stockage de vos donn\u00e9es<\/h2>\r\n<!-- \/wp:heading --><!-- wp:paragraph -->\r\n<p>Si vous laissez un commentaire, le commentaire et ses m\u00e9tadonn\u00e9es sont conserv\u00e9s ind\u00e9finiment. Cela permet de reconna\u00eetre et approuver automatiquement les commentaires suivants au lieu de les laisser dans la file de mod\u00e9ration.<\/p>\r\n<!-- \/wp:paragraph --><!-- wp:paragraph -->\r\n<p>Pour les utilisateurs et utilisatrices qui s\u2019inscrivent sur notre site (si cela est possible), nous stockons \u00e9galement les donn\u00e9es personnelles indiqu\u00e9es dans leur profil. Tous les utilisateurs et utilisatrices peuvent voir, modifier ou supprimer leurs informations personnelles \u00e0 tout moment (\u00e0 l\u2019exception de leur nom d\u2019utilisateur\u00b7ice). Les gestionnaires du site peuvent aussi voir et modifier ces informations.<\/p>\r\n<!-- \/wp:paragraph --><!-- wp:heading -->\r\n<h2>Les droits que vous avez sur vos donn\u00e9es<\/h2>\r\n<!-- \/wp:heading --><!-- wp:paragraph -->\r\n<p>Si vous avez un compte ou si vous avez laiss\u00e9 des commentaires sur le site, vous pouvez demander \u00e0 recevoir un fichier contenant toutes les donn\u00e9es personnelles que nous poss\u00e9dons \u00e0 votre sujet, incluant celles que vous nous avez fournies. Vous pouvez \u00e9galement demander la suppression des donn\u00e9es personnelles vous concernant. Cela ne prend pas en compte les donn\u00e9es stock\u00e9es \u00e0 des fins administratives, l\u00e9gales ou pour des raisons de s\u00e9curit\u00e9.<\/p>\r\n<!-- \/wp:paragraph --><!-- wp:heading -->\r\n<h2>Transmission de vos donn\u00e9es personnelles<\/h2>\r\n<!-- \/wp:heading --><!-- wp:paragraph -->\r\n<p>Les commentaires des visiteurs peuvent \u00eatre v\u00e9rifi\u00e9s \u00e0 l\u2019aide d\u2019un service automatis\u00e9 de d\u00e9tection des commentaires ind\u00e9sirables.<\/p>\r\n<!-- \/wp:paragraph --><!-- wp:heading -->\r\n<h2>Informations de contact<\/h2>\r\n<!-- \/wp:heading --><!-- wp:heading -->\r\n<h2>Informations suppl\u00e9mentaires<\/h2>\r\n<!-- \/wp:heading --><!-- wp:heading {\"level\":3} -->\r\n<h3>Comment nous prot\u00e9geons vos donn\u00e9es<\/h3>\r\n<!-- \/wp:heading --><!-- wp:heading {\"level\":3} -->\r\n<h3>Proc\u00e9dures mises en \u0153uvre en cas de fuite de donn\u00e9es<\/h3>\r\n<!-- \/wp:heading --><!-- wp:heading {\"level\":3} -->\r\n<h3>Les services tiers qui nous transmettent des donn\u00e9es<\/h3>\r\n<!-- \/wp:heading --><!-- wp:heading {\"level\":3} -->\r\n<h3>Op\u00e9rations de marketing automatis\u00e9 et\/ou de profilage r\u00e9alis\u00e9es \u00e0 l\u2019aide des donn\u00e9es personnelles<\/h3>\r\n<!-- \/wp:heading --><!-- wp:heading {\"level\":3} -->\r\n<h3>Affichage des informations li\u00e9es aux secteurs soumis \u00e0 des r\u00e9gulations sp\u00e9cifiques<\/h3>\r\n<!-- \/wp:heading -->","_et_gb_content_width":"","footnotes":""},"dipi_cpt_category":[],"class_list":["post-3","page","type-page","status-publish","hentry"],"aioseo_notices":[],"_links":{"self":[{"href":"https:\/\/www.naranjo-sat.com\/fr\/wp-json\/wp\/v2\/pages\/3","targetHints":{"allow":["GET"]}}],"collection":[{"href":"https:\/\/www.naranjo-sat.com\/fr\/wp-json\/wp\/v2\/pages"}],"about":[{"href":"https:\/\/www.naranjo-sat.com\/fr\/wp-json\/wp\/v2\/types\/page"}],"author":[{"embeddable":true,"href":"https:\/\/www.naranjo-sat.com\/fr\/wp-json\/wp\/v2\/users\/1"}],"replies":[{"embeddable":true,"href":"https:\/\/www.naranjo-sat.com\/fr\/wp-json\/wp\/v2\/comments?post=3"}],"version-history":[{"count":22,"href":"https:\/\/www.naranjo-sat.com\/fr\/wp-json\/wp\/v2\/pages\/3\/revisions"}],"predecessor-version":[{"id":9728,"href":"https:\/\/www.naranjo-sat.com\/fr\/wp-json\/wp\/v2\/pages\/3\/revisions\/9728"}],"wp:attachment":[{"href":"https:\/\/www.naranjo-sat.com\/fr\/wp-json\/wp\/v2\/media?parent=3"}],"wp:term":[{"taxonomy":"dipi_cpt_category","embeddable":true,"href":"https:\/\/www.naranjo-sat.com\/fr\/wp-json\/wp\/v2\/dipi_cpt_category?post=3"}],"curies":[{"name":"wp","href":"https:\/\/api.w.org\/{rel}","templated":true}]}}